{"id":429,"date":"2022-02-11T13:09:23","date_gmt":"2022-02-11T12:09:23","guid":{"rendered":"https:\/\/etreetvitalite.com\/?page_id=429"},"modified":"2022-10-28T16:51:48","modified_gmt":"2022-10-28T14:51:48","slug":"atelier-manger-en-pleine-conscience","status":"publish","type":"page","link":"https:\/\/etreetvitalite.com\/index.php\/atelier-manger-en-pleine-conscience\/","title":{"rendered":"Manger en pleine conscience"},"content":{"rendered":"\t\t<div data-elementor-type=\"wp-page\" data-elementor-id=\"429\" class=\"elementor elementor-429\">\n\t\t\t\t\t\t\t\t\t<section class=\"elementor-section elementor-top-section elementor-element elementor-element-04f0334 elementor-section-boxed elementor-section-height-default elementor-section-height-default\" data-id=\"04f0334\" data-element_type=\"section\">\n\t\t\t\t\t\t<div class=\"elementor-container elementor-column-gap-default\">\n\t\t\t\t\t<div class=\"elementor-column elementor-col-50 elementor-top-column elementor-element elementor-element-bffdb41\" data-id=\"bffdb41\" data-element_type=\"column\">\n\t\t\t<div class=\"elementor-widget-wrap elementor-element-populated\">\n\t\t\t\t\t\t\t\t<div class=\"elementor-element elementor-element-2b77d15 elementor-widget elementor-widget-image\" data-id=\"2b77d15\" data-element_type=\"widget\" data-widget_type=\"image.default\">\n\t\t\t\t<div class=\"elementor-widget-container\">\n\t\t\t<style>\/*! elementor - v3.16.0 - 17-10-2023 *\/\n.elementor-widget-image{text-align:center}.elementor-widget-image a{display:inline-block}.elementor-widget-image a img[src$=\".svg\"]{width:48px}.elementor-widget-image img{vertical-align:middle;display:inline-block}<\/style>\t\t\t\t\t\t\t\t\t\t\t\t<img loading=\"lazy\" decoding=\"async\" width=\"470\" height=\"313\" src=\"https:\/\/etreetvitalite.com\/wp-content\/uploads\/2022\/10\/MEPC1.jpg\" class=\"attachment-large size-large wp-image-913\" alt=\"\" srcset=\"https:\/\/etreetvitalite.com\/wp-content\/uploads\/2022\/10\/MEPC1.jpg 470w, https:\/\/etreetvitalite.com\/wp-content\/uploads\/2022\/10\/MEPC1-300x200.jpg 300w, https:\/\/etreetvitalite.com\/wp-content\/uploads\/2022\/10\/MEPC1-450x300.jpg 450w\" sizes=\"(max-width: 470px) 100vw, 470px\" \/>\t\t\t\t\t\t\t\t\t\t\t\t\t\t\t<\/div>\n\t\t\t\t<\/div>\n\t\t\t\t\t<\/div>\n\t\t<\/div>\n\t\t\t\t<div class=\"elementor-column elementor-col-50 elementor-top-column elementor-element elementor-element-2b62124\" data-id=\"2b62124\" data-element_type=\"column\">\n\t\t\t<div class=\"elementor-widget-wrap elementor-element-populated\">\n\t\t\t\t\t\t\t\t<div class=\"elementor-element elementor-element-6b9113c elementor-widget elementor-widget-text-editor\" data-id=\"6b9113c\" data-element_type=\"widget\" data-widget_type=\"text-editor.default\">\n\t\t\t\t<div class=\"elementor-widget-container\">\n\t\t\t<style>\/*! elementor - v3.16.0 - 17-10-2023 *\/\n.elementor-widget-text-editor.elementor-drop-cap-view-stacked .elementor-drop-cap{background-color:#69727d;color:#fff}.elementor-widget-text-editor.elementor-drop-cap-view-framed .elementor-drop-cap{color:#69727d;border:3px solid;background-color:transparent}.elementor-widget-text-editor:not(.elementor-drop-cap-view-default) .elementor-drop-cap{margin-top:8px}.elementor-widget-text-editor:not(.elementor-drop-cap-view-default) .elementor-drop-cap-letter{width:1em;height:1em}.elementor-widget-text-editor .elementor-drop-cap{float:left;text-align:center;line-height:1;font-size:50px}.elementor-widget-text-editor .elementor-drop-cap-letter{display:inline-block}<\/style>\t\t\t\t<p>Trouvez ou retrouvez l\u2019\u00e9quilibre, la vitalit\u00e9 et le bien-\u00eatre de votre corps, sans r\u00e9gime.<\/p><p>Pour toute la vie un poids de forme assur\u00e9.<\/p><p>\u00a0Les fondamentaux\u00a0: enseignements et pratiques de \u00ab\u00a0manger en pleine conscience\u00a0\u00bb.<\/p><p>Un poids de forme assure d\u2019avoir toujours ce qui est n\u00e9cessaire \u00e0 un corps de se d\u00e9fendre en toute circonstance,\u00a0<\/p><p>stabilit\u00e9, \u00e9quilibre.<\/p><p>Pour ceux qui le souhaitent des sessions\u00a0:<\/p><p>\u00a0Approfondissement \u00ab\u00a0nutrition et cuisine\u00a0\u00bb<\/p><p>\u00c9volution auto-hypnose<\/p><p>Accompagnement, les compl\u00e9ments alimentaires et les \u00e9lixirs<\/p>\t\t\t\t\t\t<\/div>\n\t\t\t\t<\/div>\n\t\t\t\t\t<\/div>\n\t\t<\/div>\n\t\t\t\t\t\t\t<\/div>\n\t\t<\/section>\n\t\t\t\t<section class=\"elementor-section elementor-top-section elementor-element elementor-element-e0d8cb0 elementor-section-boxed elementor-section-height-default elementor-section-height-default\" data-id=\"e0d8cb0\" data-element_type=\"section\">\n\t\t\t\t\t\t<div class=\"elementor-container elementor-column-gap-default\">\n\t\t\t\t\t<div class=\"elementor-column elementor-col-100 elementor-top-column elementor-element elementor-element-605cabf\" data-id=\"605cabf\" data-element_type=\"column\">\n\t\t\t<div class=\"elementor-widget-wrap elementor-element-populated\">\n\t\t\t\t\t\t\t\t<div class=\"elementor-element elementor-element-a7bfff3 elementor-widget elementor-widget-text-editor\" data-id=\"a7bfff3\" data-element_type=\"widget\" data-widget_type=\"text-editor.default\">\n\t\t\t\t<div class=\"elementor-widget-container\">\n\t\t\t\t\t\t\t<p style=\"font-style: normal; font-variant-ligatures: normal; font-variant-caps: normal; font-weight: 400; font-size: 16px; font-family: Roboto, sans-serif; text-indent: 0px;\"><strong style=\"text-indent: 0em; color: var( --e-global-color-text ); text-align: inherit;\">Tarif\u00a0\u00a0<\/strong><\/p><p style=\"font-style: normal; font-variant-ligatures: normal; font-variant-caps: normal; font-weight: 400; font-size: 16px; font-family: Roboto, sans-serif; text-indent: 0px;\">Individuel 1H30 : 85 \u20ac<\/p><p style=\"font-style: normal; font-variant-ligatures: normal; font-variant-caps: normal; font-weight: 400; font-size: 16px; font-family: Roboto, sans-serif; text-indent: 0px;\">Tarif de groupe: 90\u20ac les 2h soit 45\u20ac de l\u2019heure &#8211; A partir de 4 personnes\u00a0<\/p><p style=\"font-style: normal; font-variant-ligatures: normal; font-variant-caps: normal; font-weight: 400; font-size: 16px; font-family: Roboto, sans-serif; text-indent: 0px;\">L\u2019atelier de groupe, possibilit\u00e9 pack th\u00e9orie et pratique chez un restaurateur sur demande, frais de restauration en suppl\u00e9ment.<\/p><p style=\"font-style: normal; font-variant-ligatures: normal; font-variant-caps: normal; font-weight: 400; font-size: 16px; font-family: Roboto, sans-serif; text-indent: 0px;\"><em>\u00a0<\/em>Tarif entreprise sur demande<\/p>\t\t\t\t\t\t<\/div>\n\t\t\t\t<\/div>\n\t\t\t\t\t<\/div>\n\t\t<\/div>\n\t\t\t\t\t\t\t<\/div>\n\t\t<\/section>\n\t\t\t\t<section class=\"elementor-section elementor-top-section elementor-element elementor-element-9644109 elementor-section-boxed elementor-section-height-default elementor-section-height-default\" data-id=\"9644109\" data-element_type=\"section\">\n\t\t\t\t\t\t<div class=\"elementor-container elementor-column-gap-default\">\n\t\t\t\t\t<div class=\"elementor-column elementor-col-100 elementor-top-column elementor-element elementor-element-4d00091\" data-id=\"4d00091\" data-element_type=\"column\">\n\t\t\t<div class=\"elementor-widget-wrap\">\n\t\t\t\t\t\t\t\t\t<\/div>\n\t\t<\/div>\n\t\t\t\t\t\t\t<\/div>\n\t\t<\/section>\n\t\t\t\t<section class=\"elementor-section elementor-top-section elementor-element elementor-element-c979e4c elementor-section-boxed elementor-section-height-default elementor-section-height-default\" data-id=\"c979e4c\" data-element_type=\"section\">\n\t\t\t\t\t\t<div class=\"elementor-container elementor-column-gap-default\">\n\t\t\t\t\t<div class=\"elementor-column elementor-col-33 elementor-top-column elementor-element elementor-element-3ec2507\" data-id=\"3ec2507\" data-element_type=\"column\">\n\t\t\t<div class=\"elementor-widget-wrap elementor-element-populated\">\n\t\t\t\t\t\t\t\t<div class=\"elementor-element elementor-element-9ddb48c elementor-widget elementor-widget-button\" data-id=\"9ddb48c\" data-element_type=\"widget\" data-widget_type=\"button.default\">\n\t\t\t\t<div class=\"elementor-widget-container\">\n\t\t\t\t\t<div class=\"elementor-button-wrapper\">\n\t\t\t<a class=\"elementor-button elementor-button-link elementor-size-sm\" href=\"https:\/\/etreetvitalite.com\/index.php\/contact\/\">\n\t\t\t\t\t\t<span class=\"elementor-button-content-wrapper\">\n\t\t\t\t\t\t<span class=\"elementor-button-text\">Contact<\/span>\n\t\t<\/span>\n\t\t\t\t\t<\/a>\n\t\t<\/div>\n\t\t\t\t<\/div>\n\t\t\t\t<\/div>\n\t\t\t\t\t<\/div>\n\t\t<\/div>\n\t\t\t\t<div class=\"elementor-column elementor-col-33 elementor-top-column elementor-element elementor-element-c52b566\" data-id=\"c52b566\" data-element_type=\"column\">\n\t\t\t<div class=\"elementor-widget-wrap\">\n\t\t\t\t\t\t\t\t\t<\/div>\n\t\t<\/div>\n\t\t\t\t<div class=\"elementor-column elementor-col-33 elementor-top-column elementor-element elementor-element-7d9f097\" data-id=\"7d9f097\" data-element_type=\"column\">\n\t\t\t<div class=\"elementor-widget-wrap\">\n\t\t\t\t\t\t\t\t\t<\/div>\n\t\t<\/div>\n\t\t\t\t\t\t\t<\/div>\n\t\t<\/section>\n\t\t\t\t\t\t\t<\/div>\n\t\t","protected":false},"excerpt":{"rendered":"<p>Trouvez ou retrouvez l\u2019\u00e9quilibre, la vitalit\u00e9 et le bien-\u00eatre de votre corps, sans r\u00e9gime. Pour toute la vie un poids de forme assur\u00e9. \u00a0Les fondamentaux\u00a0: &hellip;<\/p>\n","protected":false},"author":2,"featured_media":0,"parent":0,"menu_order":0,"comment_status":"closed","ping_status":"closed","template":"","meta":{"footnotes":""},"yoast_head":"<!-- This site is optimized with the Yoast SEO plugin v24.5 - https:\/\/yoast.com\/wordpress\/plugins\/seo\/ -->\n<title>Manger en pleine conscience - &nbsp;&nbsp;&nbsp;&nbsp;ETRE &amp; VITALITE<\/title>\n<meta name=\"robots\" content=\"index, follow, max-snippet:-1, max-image-preview:large, max-video-preview:-1\" \/>\n<link rel=\"canonical\" href=\"https:\/\/etreetvitalite.com\/index.php\/atelier-manger-en-pleine-conscience\/\" \/>\n<meta property=\"og:locale\" content=\"fr_FR\" \/>\n<meta property=\"og:type\" content=\"article\" \/>\n<meta property=\"og:title\" content=\"Manger en pleine conscience - &nbsp;&nbsp;&nbsp;&nbsp;ETRE &amp; VITALITE\" \/>\n<meta property=\"og:description\" content=\"Trouvez ou retrouvez l\u2019\u00e9quilibre, la vitalit\u00e9 et le bien-\u00eatre de votre corps, sans r\u00e9gime. Pour toute la vie un poids de forme assur\u00e9. \u00a0Les fondamentaux\u00a0: &hellip;\" \/>\n<meta property=\"og:url\" content=\"https:\/\/etreetvitalite.com\/index.php\/atelier-manger-en-pleine-conscience\/\" \/>\n<meta property=\"og:site_name\" content=\"&nbsp;&nbsp;&nbsp;&nbsp;ETRE &amp; VITALITE\" \/>\n<meta property=\"article:modified_time\" content=\"2022-10-28T14:51:48+00:00\" \/>\n<meta property=\"og:image\" content=\"http:\/\/etreetvitalite.com\/wp-content\/uploads\/2022\/10\/MEPC1.jpg\" \/>\n<meta name=\"twitter:card\" content=\"summary_large_image\" \/>\n<meta name=\"twitter:label1\" content=\"Dur\u00e9e de lecture estim\u00e9e\" \/>\n\t<meta name=\"twitter:data1\" content=\"1 minute\" \/>\n<script type=\"application\/ld+json\" class=\"yoast-schema-graph\">{\"@context\":\"https:\/\/schema.org\",\"@graph\":[{\"@type\":\"WebPage\",\"@id\":\"https:\/\/etreetvitalite.com\/index.php\/atelier-manger-en-pleine-conscience\/\",\"url\":\"https:\/\/etreetvitalite.com\/index.php\/atelier-manger-en-pleine-conscience\/\",\"name\":\"Manger en pleine conscience - &nbsp;&nbsp;&nbsp;&nbsp;ETRE &amp; VITALITE\",\"isPartOf\":{\"@id\":\"http:\/\/etreetvitalite.com\/#website\"},\"primaryImageOfPage\":{\"@id\":\"https:\/\/etreetvitalite.com\/index.php\/atelier-manger-en-pleine-conscience\/#primaryimage\"},\"image\":{\"@id\":\"https:\/\/etreetvitalite.com\/index.php\/atelier-manger-en-pleine-conscience\/#primaryimage\"},\"thumbnailUrl\":\"http:\/\/etreetvitalite.com\/wp-content\/uploads\/2022\/10\/MEPC1.jpg\",\"datePublished\":\"2022-02-11T12:09:23+00:00\",\"dateModified\":\"2022-10-28T14:51:48+00:00\",\"breadcrumb\":{\"@id\":\"https:\/\/etreetvitalite.com\/index.php\/atelier-manger-en-pleine-conscience\/#breadcrumb\"},\"inLanguage\":\"fr-FR\",\"potentialAction\":[{\"@type\":\"ReadAction\",\"target\":[\"https:\/\/etreetvitalite.com\/index.php\/atelier-manger-en-pleine-conscience\/\"]}]},{\"@type\":\"ImageObject\",\"inLanguage\":\"fr-FR\",\"@id\":\"https:\/\/etreetvitalite.com\/index.php\/atelier-manger-en-pleine-conscience\/#primaryimage\",\"url\":\"http:\/\/etreetvitalite.com\/wp-content\/uploads\/2022\/10\/MEPC1.jpg\",\"contentUrl\":\"http:\/\/etreetvitalite.com\/wp-content\/uploads\/2022\/10\/MEPC1.jpg\"},{\"@type\":\"BreadcrumbList\",\"@id\":\"https:\/\/etreetvitalite.com\/index.php\/atelier-manger-en-pleine-conscience\/#breadcrumb\",\"itemListElement\":[{\"@type\":\"ListItem\",\"position\":1,\"name\":\"Accueil\",\"item\":\"http:\/\/etreetvitalite.com\/\"},{\"@type\":\"ListItem\",\"position\":2,\"name\":\"Manger en pleine conscience\"}]},{\"@type\":\"WebSite\",\"@id\":\"http:\/\/etreetvitalite.com\/#website\",\"url\":\"http:\/\/etreetvitalite.com\/\",\"name\":\"&nbsp;&nbsp;&nbsp;&nbsp;ETRE &amp; VITALITE\",\"description\":\"PARTICULIERS - ENTREPRISES\",\"publisher\":{\"@id\":\"http:\/\/etreetvitalite.com\/#organization\"},\"potentialAction\":[{\"@type\":\"SearchAction\",\"target\":{\"@type\":\"EntryPoint\",\"urlTemplate\":\"http:\/\/etreetvitalite.com\/?s={search_term_string}\"},\"query-input\":{\"@type\":\"PropertyValueSpecification\",\"valueRequired\":true,\"valueName\":\"search_term_string\"}}],\"inLanguage\":\"fr-FR\"},{\"@type\":\"Organization\",\"@id\":\"http:\/\/etreetvitalite.com\/#organization\",\"name\":\"&nbsp;&nbsp;&nbsp;&nbsp;ETRE &amp; VITALITE\",\"url\":\"http:\/\/etreetvitalite.com\/\",\"logo\":{\"@type\":\"ImageObject\",\"inLanguage\":\"fr-FR\",\"@id\":\"http:\/\/etreetvitalite.com\/#\/schema\/logo\/image\/\",\"url\":\"https:\/\/etreetvitalite.com\/wp-content\/uploads\/2022\/07\/cropped-logo.png\",\"contentUrl\":\"https:\/\/etreetvitalite.com\/wp-content\/uploads\/2022\/07\/cropped-logo.png\",\"width\":381,\"height\":348,\"caption\":\"&nbsp;&nbsp;&nbsp;&nbsp;ETRE &amp; VITALITE\"},\"image\":{\"@id\":\"http:\/\/etreetvitalite.com\/#\/schema\/logo\/image\/\"}}]}<\/script>\n<!-- \/ Yoast SEO plugin. -->","yoast_head_json":{"title":"Manger en pleine conscience - &nbsp;&nbsp;&nbsp;&nbsp;ETRE &amp; VITALITE","robots":{"index":"index","follow":"follow","max-snippet":"max-snippet:-1","max-image-preview":"max-image-preview:large","max-video-preview":"max-video-preview:-1"},"canonical":"https:\/\/etreetvitalite.com\/index.php\/atelier-manger-en-pleine-conscience\/","og_locale":"fr_FR","og_type":"article","og_title":"Manger en pleine conscience - &nbsp;&nbsp;&nbsp;&nbsp;ETRE &amp; VITALITE","og_description":"Trouvez ou retrouvez l\u2019\u00e9quilibre, la vitalit\u00e9 et le bien-\u00eatre de votre corps, sans r\u00e9gime. Pour toute la vie un poids de forme assur\u00e9. \u00a0Les fondamentaux\u00a0: &hellip;","og_url":"https:\/\/etreetvitalite.com\/index.php\/atelier-manger-en-pleine-conscience\/","og_site_name":"&nbsp;&nbsp;&nbsp;&nbsp;ETRE &amp; VITALITE","article_modified_time":"2022-10-28T14:51:48+00:00","og_image":[{"url":"http:\/\/etreetvitalite.com\/wp-content\/uploads\/2022\/10\/MEPC1.jpg","type":"","width":"","height":""}],"twitter_card":"summary_large_image","twitter_misc":{"Dur\u00e9e de lecture estim\u00e9e":"1 minute"},"schema":{"@context":"https:\/\/schema.org","@graph":[{"@type":"WebPage","@id":"https:\/\/etreetvitalite.com\/index.php\/atelier-manger-en-pleine-conscience\/","url":"https:\/\/etreetvitalite.com\/index.php\/atelier-manger-en-pleine-conscience\/","name":"Manger en pleine conscience - &nbsp;&nbsp;&nbsp;&nbsp;ETRE &amp; VITALITE","isPartOf":{"@id":"http:\/\/etreetvitalite.com\/#website"},"primaryImageOfPage":{"@id":"https:\/\/etreetvitalite.com\/index.php\/atelier-manger-en-pleine-conscience\/#primaryimage"},"image":{"@id":"https:\/\/etreetvitalite.com\/index.php\/atelier-manger-en-pleine-conscience\/#primaryimage"},"thumbnailUrl":"http:\/\/etreetvitalite.com\/wp-content\/uploads\/2022\/10\/MEPC1.jpg","datePublished":"2022-02-11T12:09:23+00:00","dateModified":"2022-10-28T14:51:48+00:00","breadcrumb":{"@id":"https:\/\/etreetvitalite.com\/index.php\/atelier-manger-en-pleine-conscience\/#breadcrumb"},"inLanguage":"fr-FR","potentialAction":[{"@type":"ReadAction","target":["https:\/\/etreetvitalite.com\/index.php\/atelier-manger-en-pleine-conscience\/"]}]},{"@type":"ImageObject","inLanguage":"fr-FR","@id":"https:\/\/etreetvitalite.com\/index.php\/atelier-manger-en-pleine-conscience\/#primaryimage","url":"http:\/\/etreetvitalite.com\/wp-content\/uploads\/2022\/10\/MEPC1.jpg","contentUrl":"http:\/\/etreetvitalite.com\/wp-content\/uploads\/2022\/10\/MEPC1.jpg"},{"@type":"BreadcrumbList","@id":"https:\/\/etreetvitalite.com\/index.php\/atelier-manger-en-pleine-conscience\/#breadcrumb","itemListElement":[{"@type":"ListItem","position":1,"name":"Accueil","item":"http:\/\/etreetvitalite.com\/"},{"@type":"ListItem","position":2,"name":"Manger en pleine conscience"}]},{"@type":"WebSite","@id":"http:\/\/etreetvitalite.com\/#website","url":"http:\/\/etreetvitalite.com\/","name":"&nbsp;&nbsp;&nbsp;&nbsp;ETRE &amp; VITALITE","description":"PARTICULIERS - ENTREPRISES","publisher":{"@id":"http:\/\/etreetvitalite.com\/#organization"},"potentialAction":[{"@type":"SearchAction","target":{"@type":"EntryPoint","urlTemplate":"http:\/\/etreetvitalite.com\/?s={search_term_string}"},"query-input":{"@type":"PropertyValueSpecification","valueRequired":true,"valueName":"search_term_string"}}],"inLanguage":"fr-FR"},{"@type":"Organization","@id":"http:\/\/etreetvitalite.com\/#organization","name":"&nbsp;&nbsp;&nbsp;&nbsp;ETRE &amp; VITALITE","url":"http:\/\/etreetvitalite.com\/","logo":{"@type":"ImageObject","inLanguage":"fr-FR","@id":"http:\/\/etreetvitalite.com\/#\/schema\/logo\/image\/","url":"https:\/\/etreetvitalite.com\/wp-content\/uploads\/2022\/07\/cropped-logo.png","contentUrl":"https:\/\/etreetvitalite.com\/wp-content\/uploads\/2022\/07\/cropped-logo.png","width":381,"height":348,"caption":"&nbsp;&nbsp;&nbsp;&nbsp;ETRE &amp; VITALITE"},"image":{"@id":"http:\/\/etreetvitalite.com\/#\/schema\/logo\/image\/"}}]}},"_links":{"self":[{"href":"https:\/\/etreetvitalite.com\/index.php\/wp-json\/wp\/v2\/pages\/429"}],"collection":[{"href":"https:\/\/etreetvitalite.com\/index.php\/wp-json\/wp\/v2\/pages"}],"about":[{"href":"https:\/\/etreetvitalite.com\/index.php\/wp-json\/wp\/v2\/types\/page"}],"author":[{"embeddable":true,"href":"https:\/\/etreetvitalite.com\/index.php\/wp-json\/wp\/v2\/users\/2"}],"replies":[{"embeddable":true,"href":"https:\/\/etreetvitalite.com\/index.php\/wp-json\/wp\/v2\/comments?post=429"}],"version-history":[{"count":83,"href":"https:\/\/etreetvitalite.com\/index.php\/wp-json\/wp\/v2\/pages\/429\/revisions"}],"predecessor-version":[{"id":1423,"href":"https:\/\/etreetvitalite.com\/index.php\/wp-json\/wp\/v2\/pages\/429\/revisions\/1423"}],"wp:attachment":[{"href":"https:\/\/etreetvitalite.com\/index.php\/wp-json\/wp\/v2\/media?parent=429"}],"curies":[{"name":"wp","href":"https:\/\/api.w.org\/{rel}","templated":true}]}}